{"id":1423,"date":"2025-11-17T11:35:56","date_gmt":"2025-11-17T11:35:56","guid":{"rendered":"https:\/\/dem.es\/fr\/?page_id=1423"},"modified":"2025-11-25T16:05:58","modified_gmt":"2025-11-25T16:05:58","slug":"politique-sig","status":"publish","type":"page","link":"https:\/\/dem.es\/fr\/politique-sig\/","title":{"rendered":"POLITIQUE SIG"},"content":{"rendered":"<p><strong>DESARROLLO MULTILATERAL S.L.<\/strong> a pour objet social la conception et la prestation de services de conseil et de formation dans l\u2019identification, la formulation, l\u2019ex\u00e9cution, la gestion, le suivi et l\u2019\u00e9valuation de programmes et projets d\u2019assistance technique nationaux et internationaux.<\/p>\n<p>L\u2019objectif que nous poursuivons avec la mise en place et le maintien d\u2019un <strong>Syst\u00e8me Int\u00e9gr\u00e9 de Gestion (SIG)<\/strong> conforme \u00e0 la norme <strong>UNE-EN-ISO 9001:2015<\/strong> est d\u2019offrir un service d\u2019assistance technique de qualit\u00e9 garantie, ainsi que d\u2019assurer l\u2019am\u00e9lioration continue, l\u2019innovation et le d\u00e9veloppement de nouvelles fonctionnalit\u00e9s qui renforcent les produits et services d\u00e9ploy\u00e9s ; conform\u00e9ment \u00e0 la norme <strong>UNE-EN-ISO 14001:2015<\/strong>, il s\u2019agit de contr\u00f4ler notre consommation et nos d\u00e9chets, ainsi que de contribuer de mani\u00e8re effective \u00e0 la r\u00e9duction des risques environnementaux dans les projets que nous mettons en \u0153uvre ; et, conform\u00e9ment \u00e0 la norme <strong>UNE-EN-ISO 37001:2025<\/strong>, il s\u2019agit de maintenir un comportement \u00e9thique en coh\u00e9rence avec la culture de l\u2019organisation dans la conduite de ses activit\u00e9s, en veillant \u00e0 ce que toutes les parties prenantes concern\u00e9es s\u2019y conforment.<\/p>\n<p>Ce comportement va au-del\u00e0 du strict respect de la loi, puisqu\u2019il d\u00e9fend une tol\u00e9rance z\u00e9ro envers la corruption dans les affaires, dans l\u2019identification des conflits d\u2019int\u00e9r\u00eats et dans les relations commerciales<\/p>\n\n\t\t<style type=\"text\/css\">\n\t\t\t#gallery-1 {\n\t\t\t\tmargin: auto;\n\t\t\t}\n\t\t\t#gallery-1 .gallery-item {\n\t\t\t\tfloat: left;\n\t\t\t\tmargin-top: 10px;\n\t\t\t\ttext-align: center;\n\t\t\t\twidth: 33%;\n\t\t\t}\n\t\t\t#gallery-1 img {\n\t\t\t\tborder: 2px solid #cfcfcf;\n\t\t\t}\n\t\t\t#gallery-1 .gallery-caption {\n\t\t\t\tmargin-left: 0;\n\t\t\t}\n\t\t\t\/* see gallery_shortcode() in wp-includes\/media.php *\/\n\t\t<\/style>\n\t\t<div id='gallery-1' class='gallery galleryid-1423 gallery-columns-3 gallery-size-full'><dl class='gallery-item'>\n\t\t\t<dt class='gallery-icon landscape'>\n\t\t\t\t<img loading=\"lazy\" decoding=\"async\" width=\"517\" height=\"273\" src=\"https:\/\/dem.es\/fr\/wp-content\/uploads\/2025\/11\/selloISO9001_new.jpg\" class=\"attachment-full size-full\" alt=\"\" srcset=\"https:\/\/dem.es\/fr\/wp-content\/uploads\/2025\/11\/selloISO9001_new.jpg 517w, https:\/\/dem.es\/fr\/wp-content\/uploads\/2025\/11\/selloISO9001_new-300x158.jpg 300w, https:\/\/dem.es\/fr\/wp-content\/uploads\/2025\/11\/selloISO9001_new-500x264.jpg 500w\" sizes=\"auto, (max-width: 517px) 100vw, 517px\" \/>\n\t\t\t<\/dt><\/dl><dl class='gallery-item'>\n\t\t\t<dt class='gallery-icon landscape'>\n\t\t\t\t<img loading=\"lazy\" decoding=\"async\" width=\"517\" height=\"273\" src=\"https:\/\/dem.es\/fr\/wp-content\/uploads\/2025\/11\/selloISO14001_new.jpg\" class=\"attachment-full size-full\" alt=\"\" srcset=\"https:\/\/dem.es\/fr\/wp-content\/uploads\/2025\/11\/selloISO14001_new.jpg 517w, https:\/\/dem.es\/fr\/wp-content\/uploads\/2025\/11\/selloISO14001_new-300x158.jpg 300w, https:\/\/dem.es\/fr\/wp-content\/uploads\/2025\/11\/selloISO14001_new-500x264.jpg 500w\" sizes=\"auto, (max-width: 517px) 100vw, 517px\" \/>\n\t\t\t<\/dt><\/dl><dl class='gallery-item'>\n\t\t\t<dt class='gallery-icon landscape'>\n\t\t\t\t<img loading=\"lazy\" decoding=\"async\" width=\"517\" height=\"273\" src=\"https:\/\/dem.es\/fr\/wp-content\/uploads\/2025\/11\/selloISO37001_new.jpg\" class=\"attachment-full size-full\" alt=\"\" srcset=\"https:\/\/dem.es\/fr\/wp-content\/uploads\/2025\/11\/selloISO37001_new.jpg 517w, https:\/\/dem.es\/fr\/wp-content\/uploads\/2025\/11\/selloISO37001_new-300x158.jpg 300w, https:\/\/dem.es\/fr\/wp-content\/uploads\/2025\/11\/selloISO37001_new-500x264.jpg 500w\" sizes=\"auto, (max-width: 517px) 100vw, 517px\" \/>\n\t\t\t<\/dt><\/dl><br style=\"clear: both\" \/>\n\t\t<\/div>\n\n<p><a href=\"https:\/\/dem.es\/fr\/wp-content\/uploads\/2025\/11\/Annexe-I-Politique-SIG.pdf\" target=\"_blank\" rel=\"noopener\"><img loading=\"lazy\" decoding=\"async\" class=\"aligncenter wp-image-1433 size-full\" src=\"https:\/\/dem.es\/fr\/wp-content\/uploads\/2025\/11\/politique-sig.png\" alt=\"\" width=\"412\" height=\"60\" srcset=\"https:\/\/dem.es\/fr\/wp-content\/uploads\/2025\/11\/politique-sig.png 412w, https:\/\/dem.es\/fr\/wp-content\/uploads\/2025\/11\/politique-sig-300x44.png 300w\" sizes=\"auto, (max-width: 412px) 100vw, 412px\" \/><\/a><\/p>\n<p>De plus, cette politique est align\u00e9e sur le <strong>Code d\u2019\u00e9thique<\/strong> et le <strong>Code de conduite<\/strong> de notre entreprise.<\/p>\n<p>Le personnel de <strong>DESARROLLO MULTILATERAL S.L.<\/strong> est invit\u00e9 \u00e0 soutenir et \u00e0 respecter les principes de cette politique et \u00e0 accomplir son travail de mani\u00e8re \u00e0 permettre l\u2019atteinte des objectifs d\u2019am\u00e9lioration d\u00e9finis par le SIG.<\/p>\n<p>Enfin, <strong>DESARROLLO MULTILATERAL S.L.<\/strong> s\u2019engage \u00e0 communiquer cette politique et \u00e0 la mettre \u00e0 disposition de toutes les parties int\u00e9ress\u00e9es, internes comme externes.<\/p>\n<p>Madrid, 29 septembre 2025.<\/p>\n<p><a href=\"https:\/\/dem.es\/fr\/wp-content\/uploads\/2025\/11\/Annexe-II-Code-d\u00b4Ethic.pdf\" target=\"_blank\" rel=\"noopener\"><img loading=\"lazy\" decoding=\"async\" class=\"aligncenter wp-image-1434 size-full\" src=\"https:\/\/dem.es\/fr\/wp-content\/uploads\/2025\/11\/code-dethique.png\" alt=\"\" width=\"412\" height=\"60\" srcset=\"https:\/\/dem.es\/fr\/wp-content\/uploads\/2025\/11\/code-dethique.png 412w, https:\/\/dem.es\/fr\/wp-content\/uploads\/2025\/11\/code-dethique-300x44.png 300w\" sizes=\"auto, (max-width: 412px) 100vw, 412px\" \/><\/a><\/p>\n<p><a href=\"https:\/\/dem.es\/fr\/wp-content\/uploads\/2025\/11\/Annexe-III-Code-de-Conduite.pdf\" target=\"_blank\" rel=\"noopener\"><img loading=\"lazy\" decoding=\"async\" class=\"aligncenter wp-image-1436 size-full\" src=\"https:\/\/dem.es\/fr\/wp-content\/uploads\/2025\/11\/code-de-conduite.png\" alt=\"\" width=\"412\" height=\"60\" srcset=\"https:\/\/dem.es\/fr\/wp-content\/uploads\/2025\/11\/code-de-conduite.png 412w, https:\/\/dem.es\/fr\/wp-content\/uploads\/2025\/11\/code-de-conduite-300x44.png 300w\" sizes=\"auto, (max-width: 412px) 100vw, 412px\" \/><\/a><\/p>\n<p>Le personnel permanent de DEM, ainsi que ses clients, utilisateurs, fournisseurs, experts et toute autre personne impliqu\u00e9e peuvent formuler leurs questions, doutes, plaintes ou signalements de mani\u00e8re anonyme par le biais du<br \/>\n<a href=\"https:\/\/dem.ethic-channel.com\/home?change_language=fr\" target=\"_blank\" rel=\"noopener\"> <img loading=\"lazy\" decoding=\"async\" class=\"aligncenter wp-image-1437 size-full\" src=\"https:\/\/dem.es\/fr\/wp-content\/uploads\/2025\/11\/canal-de-signalament.png\" alt=\"\" width=\"412\" height=\"60\" srcset=\"https:\/\/dem.es\/fr\/wp-content\/uploads\/2025\/11\/canal-de-signalament.png 412w, https:\/\/dem.es\/fr\/wp-content\/uploads\/2025\/11\/canal-de-signalament-300x44.png 300w\" sizes=\"auto, (max-width: 412px) 100vw, 412px\" \/><\/a><\/p>\n<p>Toutes les demandes seront trait\u00e9es, r\u00e9pondues et enregistr\u00e9es. Si une demande ou un doute peut constituer un manquement corporatif ou un comportement d\u00e9lictueux, elle sera enregistr\u00e9e comme un signalement.<\/p>\n","protected":false},"excerpt":{"rendered":"<p>DESARROLLO MULTILATERAL S.L. a pour objet social la conception et la prestation de services de conseil et de formation dans l\u2019identification, la formulation, l\u2019ex\u00e9cution, la gestion, le suivi et l\u2019\u00e9valuation de programmes et projets d\u2019assistance technique nationaux et internationaux. L\u2019objectif que nous poursuivons avec la mise en place et le maintien d\u2019un Syst\u00e8me Int\u00e9gr\u00e9 de [&hellip;]<\/p>\n","protected":false},"author":3,"featured_media":0,"parent":0,"menu_order":0,"comment_status":"closed","ping_status":"closed","template":"template-no-sidebar.php","meta":{"footnotes":""},"class_list":["post-1423","page","type-page","status-publish","hentry"],"jetpack_sharing_enabled":true,"_links":{"self":[{"href":"https:\/\/dem.es\/fr\/wp-json\/wp\/v2\/pages\/1423","targetHints":{"allow":["GET"]}}],"collection":[{"href":"https:\/\/dem.es\/fr\/wp-json\/wp\/v2\/pages"}],"about":[{"href":"https:\/\/dem.es\/fr\/wp-json\/wp\/v2\/types\/page"}],"author":[{"embeddable":true,"href":"https:\/\/dem.es\/fr\/wp-json\/wp\/v2\/users\/3"}],"replies":[{"embeddable":true,"href":"https:\/\/dem.es\/fr\/wp-json\/wp\/v2\/comments?post=1423"}],"version-history":[{"count":11,"href":"https:\/\/dem.es\/fr\/wp-json\/wp\/v2\/pages\/1423\/revisions"}],"predecessor-version":[{"id":1446,"href":"https:\/\/dem.es\/fr\/wp-json\/wp\/v2\/pages\/1423\/revisions\/1446"}],"wp:attachment":[{"href":"https:\/\/dem.es\/fr\/wp-json\/wp\/v2\/media?parent=1423"}],"curies":[{"name":"wp","href":"https:\/\/api.w.org\/{rel}","templated":true}]}}